{"id":6454,"date":"2024-08-17T20:39:10","date_gmt":"2024-08-17T18:39:10","guid":{"rendered":"https:\/\/the-popinjay.com\/product\/masque-senoufo-kpeliyee\/"},"modified":"2024-08-17T20:39:10","modified_gmt":"2024-08-17T18:39:10","slug":"masque-senoufo-kpeliyee","status":"publish","type":"product","link":"https:\/\/the-popinjay.com\/fr\/produit\/masque-senoufo-kpeliyee\/","title":{"rendered":"Masque Senoufo Kpeliye&#8217;e"},"content":{"rendered":"<p>Les masques s\u00e9noufo sont issus du peuple s\u00e9noufo, qui r\u00e9side principalement dans le nord de la C\u00f4te d&#8217;Ivoire, le sud-est du Mali et le sud-ouest du Burkina Faso.<br \/>  Ces masques font partie int\u00e9grante de la vie culturelle et spirituelle du peuple s\u00e9noufo et sont utilis\u00e9s lors de diverses c\u00e9r\u00e9monies et rituels.<br \/>\nCet exemple est un masque Kpeliye&#8217;e, caract\u00e9ris\u00e9 par son visage allong\u00e9, ses traits d\u00e9licats et ses d\u00e9corations complexes.<br \/>\nLes masques Kpeliye&#8217;e sont utilis\u00e9s dans les danses en l&#8217;honneur des d\u00e9funts.  <br \/>  Magnifiquement sculpt\u00e9 et dot\u00e9 d&#8217;une belle patine, ce superbe masque est une v\u00e9ritable pi\u00e8ce d&#8217;apparat.<\/p>\n","protected":false},"excerpt":{"rendered":"<p>Les masques s\u00e9noufo sont issus du peuple s\u00e9noufo, qui r\u00e9side principalement dans le nord de la C\u00f4te d&#8217;Ivoire, le sud-est du Mali et le sud-ouest du Burkina Faso. Ces masques font partie int\u00e9grante de la vie culturelle et spirituelle du peuple s\u00e9noufo et sont utilis\u00e9s lors de diverses c\u00e9r\u00e9monies et rituels. Cet exemple est un masque Kpeliye&#8217;e, caract\u00e9ris\u00e9 par son visage allong\u00e9, ses traits d\u00e9licats et ses d\u00e9corations complexes. Les masques Kpeliye&#8217;e sont utilis\u00e9s dans les danses en l&#8217;honneur des d\u00e9funts. Magnifiquement sculpt\u00e9 et dot\u00e9 d&#8217;une belle patine, ce superbe masque est une v\u00e9ritable pi\u00e8ce d&#8217;apparat.<\/p>\n","protected":false},"featured_media":6245,"template":"","meta":{"_seopress_robots_primary_cat":"","_seopress_titles_title":"","_seopress_titles_desc":"","_seopress_robots_index":"","_gspb_post_css":"","inline_featured_image":false},"product_brand":[],"product_cat":[189],"product_tag":[203,202],"berocket_brand":[],"class_list":{"0":"post-6454","1":"product","2":"type-product","3":"status-publish","4":"has-post-thumbnail","6":"product_cat-vintage-fr","7":"product_tag-bois","8":"product_tag-noir","10":"first","11":"instock","12":"sold-individually","13":"taxable","14":"shipping-taxable","15":"purchasable","16":"product-type-simple"},"_links":{"self":[{"href":"https:\/\/the-popinjay.com\/fr\/wp-json\/wp\/v2\/product\/6454","targetHints":{"allow":["GET"]}}],"collection":[{"href":"https:\/\/the-popinjay.com\/fr\/wp-json\/wp\/v2\/product"}],"about":[{"href":"https:\/\/the-popinjay.com\/fr\/wp-json\/wp\/v2\/types\/product"}],"wp:featuredmedia":[{"embeddable":true,"href":"https:\/\/the-popinjay.com\/fr\/wp-json\/wp\/v2\/media\/6245"}],"wp:attachment":[{"href":"https:\/\/the-popinjay.com\/fr\/wp-json\/wp\/v2\/media?parent=6454"}],"wp:term":[{"taxonomy":"product_brand","embeddable":true,"href":"https:\/\/the-popinjay.com\/fr\/wp-json\/wp\/v2\/product_brand?post=6454"},{"taxonomy":"product_cat","embeddable":true,"href":"https:\/\/the-popinjay.com\/fr\/wp-json\/wp\/v2\/product_cat?post=6454"},{"taxonomy":"product_tag","embeddable":true,"href":"https:\/\/the-popinjay.com\/fr\/wp-json\/wp\/v2\/product_tag?post=6454"},{"taxonomy":"berocket_brand","embeddable":true,"href":"https:\/\/the-popinjay.com\/fr\/wp-json\/wp\/v2\/berocket_brand?post=6454"}],"curies":[{"name":"wp","href":"https:\/\/api.w.org\/{rel}","templated":true}]}}