{"id":9313,"date":"2025-08-13T11:50:23","date_gmt":"2025-08-13T09:50:23","guid":{"rendered":"https:\/\/the-popinjay.com\/product\/fable-enamel-blue-tit-short-necklace-2\/"},"modified":"2025-08-13T11:51:43","modified_gmt":"2025-08-13T09:51:43","slug":"fable-enamel-blue-tit-short-necklace-2","status":"publish","type":"product","link":"https:\/\/the-popinjay.com\/fr\/produit\/fable-enamel-blue-tit-short-necklace-2\/","title":{"rendered":"Collier court \u00e0 m\u00e9sanges bleues en \u00e9mail FABLE"},"content":{"rendered":"<p>\u00c0 mesure que la saison change, nous sommes heureux d&#8217;entendre les m\u00e9sanges bleues chanter depuis les arbres. Portez notre magnifique collier court \u00e0 m\u00e9sange bleue en \u00e9mail Fable peint \u00e0 la main pour vous rappeler que chaque aube apporte un nouveau jour. Le cadeau parfait pour vous et vos proches.<\/p>\n<p>Chaque pi\u00e8ce Fable est pr\u00e9sent\u00e9e dans un magnifique coffret cadeau de style bo\u00eete d&#8217;allumettes avec pochette en coton et carte-cadeau.<\/p>\n<p>Principales caract\u00e9ristiques :<\/p>\n<p>\u00c9mail peint \u00e0 la main<br \/>\nD\u00e9tails sculpt\u00e9s \u00e0 la main<br \/>\nPlaqu\u00e9 or<br \/>\nLongueur de la cha\u00eene 41 cm avec cha\u00eene d&#8217;extension suppl\u00e9mentaire<br \/>\nDimensions de la breloque : 18 x 15 mm<br \/>\nLivr\u00e9 dans un coffret cadeau avec pochette en coton<\/p>\n","protected":false},"excerpt":{"rendered":"<p>\u00c0 mesure que la saison change, nous sommes heureux d&#8217;entendre les m\u00e9sanges bleues chanter depuis les arbres. Portez notre magnifique collier court \u00e0 m\u00e9sange bleue en \u00e9mail Fable peint \u00e0 la main pour vous rappeler que chaque aube apporte un nouveau jour. Le cadeau parfait pour vous et vos proches. Chaque pi\u00e8ce Fable est pr\u00e9sent\u00e9e dans un magnifique coffret cadeau de style bo\u00eete d&#8217;allumettes avec pochette en coton et carte-cadeau. Principales caract\u00e9ristiques : \u00c9mail peint \u00e0 la main D\u00e9tails sculpt\u00e9s \u00e0 la main Plaqu\u00e9 or Longueur de la cha\u00eene 41 cm avec cha\u00eene d&#8217;extension suppl\u00e9mentaire Dimensions de la breloque : 18 x 15 mm Livr\u00e9 dans un coffret cadeau avec pochette en coton<\/p>\n","protected":false},"featured_media":9284,"template":"","meta":{"_seopress_robots_primary_cat":"","_seopress_titles_title":"","_seopress_titles_desc":"","_seopress_robots_index":"","_gspb_post_css":"","inline_featured_image":false},"product_brand":[],"product_cat":[266],"product_tag":[],"berocket_brand":[],"class_list":{"0":"post-9313","1":"product","2":"type-product","3":"status-publish","4":"has-post-thumbnail","6":"product_cat-colliers","8":"first","9":"instock","10":"taxable","11":"shipping-taxable","12":"purchasable","13":"product-type-simple"},"_links":{"self":[{"href":"https:\/\/the-popinjay.com\/fr\/wp-json\/wp\/v2\/product\/9313","targetHints":{"allow":["GET"]}}],"collection":[{"href":"https:\/\/the-popinjay.com\/fr\/wp-json\/wp\/v2\/product"}],"about":[{"href":"https:\/\/the-popinjay.com\/fr\/wp-json\/wp\/v2\/types\/product"}],"wp:featuredmedia":[{"embeddable":true,"href":"https:\/\/the-popinjay.com\/fr\/wp-json\/wp\/v2\/media\/9284"}],"wp:attachment":[{"href":"https:\/\/the-popinjay.com\/fr\/wp-json\/wp\/v2\/media?parent=9313"}],"wp:term":[{"taxonomy":"product_brand","embeddable":true,"href":"https:\/\/the-popinjay.com\/fr\/wp-json\/wp\/v2\/product_brand?post=9313"},{"taxonomy":"product_cat","embeddable":true,"href":"https:\/\/the-popinjay.com\/fr\/wp-json\/wp\/v2\/product_cat?post=9313"},{"taxonomy":"product_tag","embeddable":true,"href":"https:\/\/the-popinjay.com\/fr\/wp-json\/wp\/v2\/product_tag?post=9313"},{"taxonomy":"berocket_brand","embeddable":true,"href":"https:\/\/the-popinjay.com\/fr\/wp-json\/wp\/v2\/berocket_brand?post=9313"}],"curies":[{"name":"wp","href":"https:\/\/api.w.org\/{rel}","templated":true}]}}